{"version":"1.0","provider_name":"smartphotoblogg Inspiration \u2013 Fototips \u2013 DIY","provider_url":"https:\/\/www.smartphoto.se\/blogg","author_name":"admin","author_url":"https:\/\/www.smartphoto.se\/blogg\/author\/admin","title":"H\u00f6stpyssel - G\u00f6r din almanacka med egna bilder | Smartphoto","type":"rich","width":600,"height":338,"html":"<blockquote class=\"wp-embedded-content\" data-secret=\"bzKfO5Axuu\"><a href=\"https:\/\/www.smartphoto.se\/blogg\/almanacka-2017\">H\u00f6stpyssel &#8211; skapa en personlig almanacka med dina b\u00e4sta bilder<\/a><\/blockquote><iframe sandbox=\"allow-scripts\" security=\"restricted\" src=\"https:\/\/www.smartphoto.se\/blogg\/almanacka-2017\/embed#?secret=bzKfO5Axuu\" width=\"600\" height=\"338\" title=\"&#8221;H\u00f6stpyssel &#8211; skapa en personlig almanacka med dina b\u00e4sta bilder&#8221; &#8212; smartphotoblogg Inspiration \u2013 Fototips \u2013 DIY\" data-secret=\"bzKfO5Axuu\" frameborder=\"0\" marginwidth=\"0\" marginheight=\"0\" scrolling=\"no\" class=\"wp-embedded-content\"><\/iframe><script type=\"text\/javascript\">\n\/* <![CDATA[ *\/\n\/*! This file is auto-generated *\/\n!function(d,l){\"use strict\";l.querySelector&&d.addEventListener&&\"undefined\"!=typeof URL&&(d.wp=d.wp||{},d.wp.receiveEmbedMessage||(d.wp.receiveEmbedMessage=function(e){var t=e.data;if((t||t.secret||t.message||t.value)&&!\/[^a-zA-Z0-9]\/.test(t.secret)){for(var s,r,n,a=l.querySelectorAll('iframe[data-secret=\"'+t.secret+'\"]'),o=l.querySelectorAll('blockquote[data-secret=\"'+t.secret+'\"]'),c=new RegExp(\"^https?:$\",\"i\"),i=0;i<o.length;i++)o[i].style.display=\"none\";for(i=0;i<a.length;i++)s=a[i],e.source===s.contentWindow&&(s.removeAttribute(\"style\"),\"height\"===t.message?(1e3<(r=parseInt(t.value,10))?r=1e3:~~r<200&&(r=200),s.height=r):\"link\"===t.message&&(r=new URL(s.getAttribute(\"src\")),n=new URL(t.value),c.test(n.protocol))&&n.host===r.host&&l.activeElement===s&&(d.top.location.href=t.value))}},d.addEventListener(\"message\",d.wp.receiveEmbedMessage,!1),l.addEventListener(\"DOMContentLoaded\",function(){for(var e,t,s=l.querySelectorAll(\"iframe.wp-embedded-content\"),r=0;r<s.length;r++)(t=(e=s[r]).getAttribute(\"data-secret\"))||(t=Math.random().toString(36).substring(2,12),e.src+=\"#?secret=\"+t,e.setAttribute(\"data-secret\",t)),e.contentWindow.postMessage({message:\"ready\",secret:t},\"*\")},!1)))}(window,document);\n\/* ]]> *\/\n<\/script>\n","thumbnail_url":"https:\/\/storage.googleapis.com\/smartphoto-express-production-wp-blogs-com\/11\/2016\/10\/iStock_93066651_XLARGE-1024x683.jpg","thumbnail_width":1024,"thumbnail_height":683,"description":"Att h\u00e5lla koll p\u00e5 dagar, tider, m\u00f6ten, h\u00e4mtningar och kv\u00e4llsaktiviteter \u00e4r inte alltid det l\u00e4ttaste. Nu finns det en uppsj\u00f6 av elektroniska l\u00f6sningar som kan hj\u00e4lpa dig. Men vi vill \u00e4nd\u00e5 sl\u00e5 ett slag f\u00f6r den traditionella almanackan och agendan. Vet du om att p\u00e5 smartphoto.se kan du skapa din alldeles egna fotoalmanacka eller agenda direkt online. Ett perfekt litet projekt att ha som kv\u00e4llspyssel nu n\u00e4r h\u00f6sten \u00e4r h\u00e4r.&nbsp;H\u00e4r \u00e4r v\u00e5ra tips p\u00e5 hur du l\u00e4ttast lyckas: 1. V\u00e4lj typ av almanacka efter just dina behov och m\u00f6jligheter Hur ser ditt liv och hem ut? Titta runt omkring dig."}